{"id":208,"date":"2025-05-29T14:03:35","date_gmt":"2025-05-29T12:03:35","guid":{"rendered":"https:\/\/sch\u00fctzenverein-auingen.de\/?page_id=208"},"modified":"2025-05-29T14:03:35","modified_gmt":"2025-05-29T12:03:35","slug":"vorstandschaft","status":"publish","type":"page","link":"https:\/\/sch\u00fctzenverein-auingen.de\/?page_id=208","title":{"rendered":"Vorstandschaft"},"content":{"rendered":"<table class=\"mceItemTable\" style=\"height: 2431px;\" border=\"0\" width=\"815\">\n<tbody>\n<tr>\n<td>\n<h3><em><strong>Obersch\u00fctzenmeister:<\/strong><\/em><\/h3>\n<\/td>\n<td>\n<h2>Hubertus Eyb<\/h2>\n<\/td>\n<\/tr>\n<tr>\n<td>\n<h3><em><strong>1. Sch\u00fctzenmeister:<\/strong><\/em><\/h3>\n<\/td>\n<td>\n<h2>Steffen Schmauder<\/h2>\n<\/td>\n<\/tr>\n<tr>\n<td>\n<h3><em><strong>Schatzmeister:<\/strong><\/em><\/h3>\n<\/td>\n<td>\n<h2>Martin Balz<\/h2>\n<\/td>\n<\/tr>\n<tr>\n<td>\n<h3><em><strong>Schriftf\u00fchrer:<\/strong><\/em><\/h3>\n<\/td>\n<td>\n<h2>Marc Ziegler<\/h2>\n<\/td>\n<\/tr>\n<tr>\n<td>\n<h3><em><strong>Schiessleiter LG und KK:<\/strong><\/em><\/h3>\n<\/td>\n<td>\n<h2>Daniel Knupfer\u00a0\u00a0\u00a0\u00a0\u00a0 \u00a0\u00a0 \u00a0\u00a0\u00a0\u00a0\u00a0 <a href=\"https:\/\/sch\u00fctzenverein-auingen.de\/?attachment_id=1372\" rel=\"attachment wp-att-1372\"><img loading=\"lazy\" decoding=\"async\" class=\"wp-image-1372 alignright\" src=\"https:\/\/sch\u00fctzenverein-auingen.de\/wp-content\/uploads\/2023\/04\/cropped-Daniel_Knupfer.jpg\" alt=\"\" width=\"90\" height=\"106\" srcset=\"https:\/\/sch\u00fctzenverein-auingen.de\/wp-content\/uploads\/2023\/04\/cropped-Daniel_Knupfer.jpg 537w, https:\/\/sch\u00fctzenverein-auingen.de\/wp-content\/uploads\/2023\/04\/cropped-Daniel_Knupfer-255x300.jpg 255w\" sizes=\"auto, (max-width: 90px) 100vw, 90px\" \/><\/a><\/h2>\n<\/td>\n<\/tr>\n<tr>\n<td>\n<h3><em><strong>Schiessleiter GK:<\/strong><\/em><\/h3>\n<\/td>\n<td>\n<h2>Christian Wagner<\/h2>\n<\/td>\n<\/tr>\n<tr>\n<td>\n<h3><em><strong>Jugendleiter:<\/strong><\/em><\/h3>\n<\/td>\n<td>\n<h2>!!! (Hier suchen wir genau Dich! Interresse?)<\/h2>\n<\/td>\n<\/tr>\n<tr>\n<td>\n<h3><em><strong>Jugendsprecher:<\/strong><\/em><\/h3>\n<\/td>\n<td>\n<h2>Elis Klemer<\/h2>\n<\/td>\n<\/tr>\n<tr>\n<td>\n<h3><em><strong>Jugendtrainer:<\/strong><\/em><\/h3>\n<\/td>\n<td>\n<h2>Daniel Knupfer, Diana Eyb, Bernd Berger<\/h2>\n<a href=\"https:\/\/sch\u00fctzenverein-auingen.de\/?attachment_id=1372\" rel=\"attachment wp-att-1372\"><img loading=\"lazy\" decoding=\"async\" class=\"wp-image-1372 alignright\" src=\"https:\/\/sch\u00fctzenverein-auingen.de\/wp-content\/uploads\/2023\/04\/cropped-Daniel_Knupfer.jpg\" alt=\"\" width=\"90\" height=\"106\" srcset=\"https:\/\/sch\u00fctzenverein-auingen.de\/wp-content\/uploads\/2023\/04\/cropped-Daniel_Knupfer.jpg 537w, https:\/\/sch\u00fctzenverein-auingen.de\/wp-content\/uploads\/2023\/04\/cropped-Daniel_Knupfer-255x300.jpg 255w\" sizes=\"auto, (max-width: 90px) 100vw, 90px\" \/><\/a><a href=\"https:\/\/sch\u00fctzenverein-auingen.de\/?attachment_id=1376\" rel=\"attachment wp-att-1376\"><img loading=\"lazy\" decoding=\"async\" class=\"wp-image-1376 alignright\" src=\"https:\/\/sch\u00fctzenverein-auingen.de\/wp-content\/uploads\/2023\/04\/cropped-Diana-Eyb.jpg\" alt=\"\" width=\"90\" height=\"105\" srcset=\"https:\/\/sch\u00fctzenverein-auingen.de\/wp-content\/uploads\/2023\/04\/cropped-Diana-Eyb.jpg 423w, https:\/\/sch\u00fctzenverein-auingen.de\/wp-content\/uploads\/2023\/04\/cropped-Diana-Eyb-257x300.jpg 257w\" sizes=\"auto, (max-width: 90px) 100vw, 90px\" \/><\/a><\/td>\n<\/tr>\n<tr>\n<td colspan=\"1\">\n<h3><em><strong>Gastst\u00e4ttenbeauftragte:<\/strong><\/em><\/h3>\n<\/td>\n<td colspan=\"1\">\n<h2>Bettina Stein\u00a0 \u00a0 \u00a0 \u00a0 \u00a0 \u00a0 \u00a0\u00a0 \u00a0\u00a0\u00a0 <a href=\"https:\/\/sch\u00fctzenverein-auingen.de\/?attachment_id=1262\" rel=\"attachment wp-att-1262\"><img loading=\"lazy\" decoding=\"async\" class=\"wp-image-1262 alignright\" src=\"https:\/\/sch\u00fctzenverein-auingen.de\/wp-content\/uploads\/2023\/03\/cropped-DSC_0632-Kopie1.jpg\" alt=\"\" width=\"90\" height=\"134\" srcset=\"https:\/\/sch\u00fctzenverein-auingen.de\/wp-content\/uploads\/2023\/03\/cropped-DSC_0632-Kopie1.jpg 568w, https:\/\/sch\u00fctzenverein-auingen.de\/wp-content\/uploads\/2023\/03\/cropped-DSC_0632-Kopie1-201x300.jpg 201w\" sizes=\"auto, (max-width: 90px) 100vw, 90px\" \/><\/a><\/h2>\n<\/td>\n<\/tr>\n<tr>\n<td>\n<h3><em><strong>Technischer Leiter Bau:<\/strong><\/em><\/h3>\n<\/td>\n<td>\n<h2>Armin Sautter\u00a0\u00a0\u00a0\u00a0\u00a0\u00a0\u00a0\u00a0\u00a0\u00a0 \u00a0 \u00a0\u00a0\u00a0 <a href=\"https:\/\/sch\u00fctzenverein-auingen.de\/?attachment_id=1261\" rel=\"attachment wp-att-1261\"><img loading=\"lazy\" decoding=\"async\" class=\"wp-image-1261 alignright\" src=\"https:\/\/sch\u00fctzenverein-auingen.de\/wp-content\/uploads\/2023\/03\/cropped-DSC_0632-Kopie2.jpg\" alt=\"\" width=\"90\" height=\"135\" srcset=\"https:\/\/sch\u00fctzenverein-auingen.de\/wp-content\/uploads\/2023\/03\/cropped-DSC_0632-Kopie2.jpg 685w, https:\/\/sch\u00fctzenverein-auingen.de\/wp-content\/uploads\/2023\/03\/cropped-DSC_0632-Kopie2-200x300.jpg 200w\" sizes=\"auto, (max-width: 90px) 100vw, 90px\" \/><\/a><\/h2>\n<\/td>\n<\/tr>\n<tr>\n<td colspan=\"1\">\n<h3><em><strong>Technischer Leiter Schie\u00dfanlage:<\/strong><\/em><\/h3>\n<\/td>\n<td colspan=\"1\">\n<h2>Philipp M\u00fcller<\/h2>\n<\/td>\n<\/tr>\n<tr>\n<td>\n<h3><em><strong>Beisitzer:<\/strong><\/em><\/h3>\n<\/td>\n<td>\n<h2>Stefan Sautter\u00a0<a href=\"https:\/\/sch\u00fctzenverein-auingen.de\/?attachment_id=1260\" rel=\"attachment wp-att-1260\"><img loading=\"lazy\" decoding=\"async\" class=\"wp-image-1260 alignright\" src=\"https:\/\/sch\u00fctzenverein-auingen.de\/wp-content\/uploads\/2023\/03\/cropped-DSC_0632.jpg\" alt=\"\" width=\"90\" height=\"134\" srcset=\"https:\/\/sch\u00fctzenverein-auingen.de\/wp-content\/uploads\/2023\/03\/cropped-DSC_0632.jpg 736w, https:\/\/sch\u00fctzenverein-auingen.de\/wp-content\/uploads\/2023\/03\/cropped-DSC_0632-201x300.jpg 201w, https:\/\/sch\u00fctzenverein-auingen.de\/wp-content\/uploads\/2023\/03\/cropped-DSC_0632-686x1024.jpg 686w, https:\/\/sch\u00fctzenverein-auingen.de\/wp-content\/uploads\/2023\/03\/cropped-DSC_0632-723x1080.jpg 723w\" sizes=\"auto, (max-width: 90px) 100vw, 90px\" \/><\/a><\/h2>\n<h2><\/h2>\n<h2><\/h2>\n<h2>Helmut Binski<\/h2>\n<h5>Verantwortlich f\u00fcr Website und Co. \u00a0 \u00a0 \u00a0 \u00a0 <a href=\"https:\/\/sch\u00fctzenverein-auingen.de\/?attachment_id=1259\" rel=\"attachment wp-att-1259\"><img loading=\"lazy\" decoding=\"async\" class=\"size-full wp-image-1259 alignright\" src=\"https:\/\/sch\u00fctzenverein-auingen.de\/wp-content\/uploads\/2023\/03\/cropped-DJI_0118-e1680953025916.jpg\" alt=\"\" width=\"90\" height=\"131\" \/><\/a><\/h5>\n<\/td>\n<\/tr>\n<\/tbody>\n<\/table>\n<!-- \/wp:post-content -->\n\n<!-- wp:paragraph \/-->","protected":false},"excerpt":{"rendered":"<p>Obersch\u00fctzenmeister: Hubertus Eyb 1. Sch\u00fctzenmeister: Steffen Schmauder Schatzmeister: Martin Balz Schriftf\u00fchrer: Marc Ziegler Schiessleiter LG und KK: Daniel Knupfer\u00a0\u00a0\u00a0\u00a0\u00a0 \u00a0\u00a0 \u00a0\u00a0\u00a0\u00a0\u00a0 Schiessleiter GK: Christian Wagner Jugendleiter: !!! (Hier suchen wir genau Dich! Interresse?) Jugendsprecher: Elis Klemer Jugendtrainer: Daniel Knupfer, Diana Eyb, Bernd Berger Gastst\u00e4ttenbeauftragte: Bettina Stein\u00a0 \u00a0 \u00a0 \u00a0 \u00a0 \u00a0 \u00a0\u00a0 \u00a0\u00a0\u00a0 Technischer Leiter&hellip; <br \/> <a class=\"read-more\" href=\"https:\/\/sch\u00fctzenverein-auingen.de\/?page_id=208\">Weiterlesen<\/a><\/p>\n","protected":false},"author":21,"featured_media":0,"parent":0,"menu_order":0,"comment_status":"closed","ping_status":"closed","template":"","meta":{"footnotes":""},"class_list":["post-208","page","type-page","status-publish","hentry"],"yoast_head":"<!-- This site is optimized with the Yoast SEO plugin v27.5 - https:\/\/yoast.com\/product\/yoast-seo-wordpress\/ -->\n<title>Vorstandschaft -<\/title>\n<meta name=\"robots\" content=\"index, follow, max-snippet:-1, max-image-preview:large, max-video-preview:-1\" \/>\n<link rel=\"canonical\" href=\"https:\/\/sch\u00fctzenverein-auingen.de\/?page_id=208\" \/>\n<meta property=\"og:locale\" content=\"de_DE\" \/>\n<meta property=\"og:type\" content=\"article\" \/>\n<meta property=\"og:title\" content=\"Vorstandschaft -\" \/>\n<meta property=\"og:description\" content=\"Obersch\u00fctzenmeister: Hubertus Eyb 1. Sch\u00fctzenmeister: Steffen Schmauder Schatzmeister: Martin Balz Schriftf\u00fchrer: Marc Ziegler Schiessleiter LG und KK: Daniel Knupfer\u00a0\u00a0\u00a0\u00a0\u00a0 \u00a0\u00a0 \u00a0\u00a0\u00a0\u00a0\u00a0 Schiessleiter GK: Christian Wagner Jugendleiter: !!! (Hier suchen wir genau Dich! Interresse?) Jugendsprecher: Elis Klemer Jugendtrainer: Daniel Knupfer, Diana Eyb, Bernd Berger Gastst\u00e4ttenbeauftragte: Bettina Stein\u00a0 \u00a0 \u00a0 \u00a0 \u00a0 \u00a0 \u00a0\u00a0 \u00a0\u00a0\u00a0 Technischer Leiter&hellip; Weiterlesen\" \/>\n<meta property=\"og:url\" content=\"https:\/\/sch\u00fctzenverein-auingen.de\/?page_id=208\" \/>\n<meta property=\"article:publisher\" content=\"https:\/\/m.facebook.com\/profile.php?id=1743578449189739&amp;amp%3bamp%3bamp%3bref=content_filter\" \/>\n<meta name=\"twitter:card\" content=\"summary_large_image\" \/>\n<meta name=\"twitter:label1\" content=\"Gesch\u00e4tzte Lesezeit\" \/>\n\t<meta name=\"twitter:data1\" content=\"2\u00a0Minuten\" \/>\n<script type=\"application\/ld+json\" class=\"yoast-schema-graph\">{\"@context\":\"https:\\\/\\\/schema.org\",\"@graph\":[{\"@type\":\"WebPage\",\"@id\":\"https:\\\/\\\/sch\u00fctzenverein-auingen.de\\\/?page_id=208\",\"url\":\"https:\\\/\\\/sch\u00fctzenverein-auingen.de\\\/?page_id=208\",\"name\":\"Vorstandschaft -\",\"isPartOf\":{\"@id\":\"https:\\\/\\\/sch\u00fctzenverein-auingen.de\\\/#website\"},\"datePublished\":\"2025-05-29T12:03:35+00:00\",\"breadcrumb\":{\"@id\":\"https:\\\/\\\/sch\u00fctzenverein-auingen.de\\\/?page_id=208#breadcrumb\"},\"inLanguage\":\"de\",\"potentialAction\":[{\"@type\":\"ReadAction\",\"target\":[\"https:\\\/\\\/sch\u00fctzenverein-auingen.de\\\/?page_id=208\"]}]},{\"@type\":\"BreadcrumbList\",\"@id\":\"https:\\\/\\\/sch\u00fctzenverein-auingen.de\\\/?page_id=208#breadcrumb\",\"itemListElement\":[{\"@type\":\"ListItem\",\"position\":1,\"name\":\"Startseite\",\"item\":\"https:\\\/\\\/sch\u00fctzenverein-auingen.de\\\/\"},{\"@type\":\"ListItem\",\"position\":2,\"name\":\"Vorstandschaft\"}]},{\"@type\":\"WebSite\",\"@id\":\"https:\\\/\\\/sch\u00fctzenverein-auingen.de\\\/#website\",\"url\":\"https:\\\/\\\/sch\u00fctzenverein-auingen.de\\\/\",\"name\":\"\",\"description\":\"\",\"publisher\":{\"@id\":\"https:\\\/\\\/sch\u00fctzenverein-auingen.de\\\/#organization\"},\"potentialAction\":[{\"@type\":\"SearchAction\",\"target\":{\"@type\":\"EntryPoint\",\"urlTemplate\":\"https:\\\/\\\/sch\u00fctzenverein-auingen.de\\\/?s={search_term_string}\"},\"query-input\":{\"@type\":\"PropertyValueSpecification\",\"valueRequired\":true,\"valueName\":\"search_term_string\"}}],\"inLanguage\":\"de\"},{\"@type\":\"Organization\",\"@id\":\"https:\\\/\\\/sch\u00fctzenverein-auingen.de\\\/#organization\",\"name\":\"Sch\u00fctzenverein Auingen 1924 e.V.\",\"url\":\"https:\\\/\\\/sch\u00fctzenverein-auingen.de\\\/\",\"logo\":{\"@type\":\"ImageObject\",\"inLanguage\":\"de\",\"@id\":\"https:\\\/\\\/sch\u00fctzenverein-auingen.de\\\/#\\\/schema\\\/logo\\\/image\\\/\",\"url\":\"https:\\\/\\\/sch\u00fctzenverein-auingen.de\\\/wp-content\\\/uploads\\\/2023\\\/01\\\/cropped-cropped-cropped-cropped-Element-1.png\",\"contentUrl\":\"https:\\\/\\\/sch\u00fctzenverein-auingen.de\\\/wp-content\\\/uploads\\\/2023\\\/01\\\/cropped-cropped-cropped-cropped-Element-1.png\",\"width\":709,\"height\":643,\"caption\":\"Sch\u00fctzenverein Auingen 1924 e.V.\"},\"image\":{\"@id\":\"https:\\\/\\\/sch\u00fctzenverein-auingen.de\\\/#\\\/schema\\\/logo\\\/image\\\/\"},\"sameAs\":[\"https:\\\/\\\/m.facebook.com\\\/profile.php?id=1743578449189739&amp;amp;amp;ref=content_filter\"]}]}<\/script>\n<!-- \/ Yoast SEO plugin. -->","yoast_head_json":{"title":"Vorstandschaft -","robots":{"index":"index","follow":"follow","max-snippet":"max-snippet:-1","max-image-preview":"max-image-preview:large","max-video-preview":"max-video-preview:-1"},"canonical":"https:\/\/sch\u00fctzenverein-auingen.de\/?page_id=208","og_locale":"de_DE","og_type":"article","og_title":"Vorstandschaft -","og_description":"Obersch\u00fctzenmeister: Hubertus Eyb 1. Sch\u00fctzenmeister: Steffen Schmauder Schatzmeister: Martin Balz Schriftf\u00fchrer: Marc Ziegler Schiessleiter LG und KK: Daniel Knupfer\u00a0\u00a0\u00a0\u00a0\u00a0 \u00a0\u00a0 \u00a0\u00a0\u00a0\u00a0\u00a0 Schiessleiter GK: Christian Wagner Jugendleiter: !!! (Hier suchen wir genau Dich! Interresse?) Jugendsprecher: Elis Klemer Jugendtrainer: Daniel Knupfer, Diana Eyb, Bernd Berger Gastst\u00e4ttenbeauftragte: Bettina Stein\u00a0 \u00a0 \u00a0 \u00a0 \u00a0 \u00a0 \u00a0\u00a0 \u00a0\u00a0\u00a0 Technischer Leiter&hellip; Weiterlesen","og_url":"https:\/\/sch\u00fctzenverein-auingen.de\/?page_id=208","article_publisher":"https:\/\/m.facebook.com\/profile.php?id=1743578449189739&amp%3bamp%3bamp%3bref=content_filter","twitter_card":"summary_large_image","twitter_misc":{"Gesch\u00e4tzte Lesezeit":"2\u00a0Minuten"},"schema":{"@context":"https:\/\/schema.org","@graph":[{"@type":"WebPage","@id":"https:\/\/sch\u00fctzenverein-auingen.de\/?page_id=208","url":"https:\/\/sch\u00fctzenverein-auingen.de\/?page_id=208","name":"Vorstandschaft -","isPartOf":{"@id":"https:\/\/sch\u00fctzenverein-auingen.de\/#website"},"datePublished":"2025-05-29T12:03:35+00:00","breadcrumb":{"@id":"https:\/\/sch\u00fctzenverein-auingen.de\/?page_id=208#breadcrumb"},"inLanguage":"de","potentialAction":[{"@type":"ReadAction","target":["https:\/\/sch\u00fctzenverein-auingen.de\/?page_id=208"]}]},{"@type":"BreadcrumbList","@id":"https:\/\/sch\u00fctzenverein-auingen.de\/?page_id=208#breadcrumb","itemListElement":[{"@type":"ListItem","position":1,"name":"Startseite","item":"https:\/\/sch\u00fctzenverein-auingen.de\/"},{"@type":"ListItem","position":2,"name":"Vorstandschaft"}]},{"@type":"WebSite","@id":"https:\/\/sch\u00fctzenverein-auingen.de\/#website","url":"https:\/\/sch\u00fctzenverein-auingen.de\/","name":"","description":"","publisher":{"@id":"https:\/\/sch\u00fctzenverein-auingen.de\/#organization"},"potentialAction":[{"@type":"SearchAction","target":{"@type":"EntryPoint","urlTemplate":"https:\/\/sch\u00fctzenverein-auingen.de\/?s={search_term_string}"},"query-input":{"@type":"PropertyValueSpecification","valueRequired":true,"valueName":"search_term_string"}}],"inLanguage":"de"},{"@type":"Organization","@id":"https:\/\/sch\u00fctzenverein-auingen.de\/#organization","name":"Sch\u00fctzenverein Auingen 1924 e.V.","url":"https:\/\/sch\u00fctzenverein-auingen.de\/","logo":{"@type":"ImageObject","inLanguage":"de","@id":"https:\/\/sch\u00fctzenverein-auingen.de\/#\/schema\/logo\/image\/","url":"https:\/\/sch\u00fctzenverein-auingen.de\/wp-content\/uploads\/2023\/01\/cropped-cropped-cropped-cropped-Element-1.png","contentUrl":"https:\/\/sch\u00fctzenverein-auingen.de\/wp-content\/uploads\/2023\/01\/cropped-cropped-cropped-cropped-Element-1.png","width":709,"height":643,"caption":"Sch\u00fctzenverein Auingen 1924 e.V."},"image":{"@id":"https:\/\/sch\u00fctzenverein-auingen.de\/#\/schema\/logo\/image\/"},"sameAs":["https:\/\/m.facebook.com\/profile.php?id=1743578449189739&amp;amp;amp;ref=content_filter"]}]}},"_links":{"self":[{"href":"https:\/\/sch\u00fctzenverein-auingen.de\/index.php?rest_route=\/wp\/v2\/pages\/208","targetHints":{"allow":["GET"]}}],"collection":[{"href":"https:\/\/sch\u00fctzenverein-auingen.de\/index.php?rest_route=\/wp\/v2\/pages"}],"about":[{"href":"https:\/\/sch\u00fctzenverein-auingen.de\/index.php?rest_route=\/wp\/v2\/types\/page"}],"author":[{"embeddable":true,"href":"https:\/\/sch\u00fctzenverein-auingen.de\/index.php?rest_route=\/wp\/v2\/users\/21"}],"replies":[{"embeddable":true,"href":"https:\/\/sch\u00fctzenverein-auingen.de\/index.php?rest_route=%2Fwp%2Fv2%2Fcomments&post=208"}],"version-history":[{"count":10,"href":"https:\/\/sch\u00fctzenverein-auingen.de\/index.php?rest_route=\/wp\/v2\/pages\/208\/revisions"}],"predecessor-version":[{"id":1803,"href":"https:\/\/sch\u00fctzenverein-auingen.de\/index.php?rest_route=\/wp\/v2\/pages\/208\/revisions\/1803"}],"wp:attachment":[{"href":"https:\/\/sch\u00fctzenverein-auingen.de\/index.php?rest_route=%2Fwp%2Fv2%2Fmedia&parent=208"}],"curies":[{"name":"wp","href":"https:\/\/api.w.org\/{rel}","templated":true}]}}